{"id":1421,"date":"2023-08-28T07:03:49","date_gmt":"2023-08-28T07:03:49","guid":{"rendered":"https:\/\/www.ifoew.at\/?page_id=1421"},"modified":"2023-09-11T15:07:20","modified_gmt":"2023-09-11T15:07:20","slug":"datenschutz","status":"publish","type":"page","link":"https:\/\/www.ifoew.at\/?page_id=1421","title":{"rendered":"Datenschutz"},"content":{"rendered":"<h1>\n<h1 id=\"headline-4-54\" class=\"ct-headline h1\"><span id=\"span-5-54\" class=\"ct-span\">Datenschutz<\/span><\/h1>\n<\/h1>\n<div>\n<p>Jegliche Verarbeitung Ihrer personenbezogenen Daten erfolgt daher ausschlie\u00dflich unter Beachtung der anwendbaren Datenschutzvorschriften, n\u00e4mlich der EU-Datenschutz-Grundverordnung (\u201eDSGVO\u201c) und des \u00f6sterreichischen Datenschutzgesetzes (\u201eDSG\u201c).<\/p>\n<h2 class=\"wp-block-heading\">Begriffsbestimmungen<\/h2>\n<p>Die Datenschutzerkl\u00e4rung des Betreibers dieser Website beruht auf den Begrifflichkeiten, die durch den Europ\u00e4ischen Richtlinien- und Verordnungsgeber beim Erlass der Datenschutz-Grundverordnung (DSGVO) verwendet wurden. Diese Datenschutzerkl\u00e4rung soll sowohl f\u00fcr die \u00d6ffentlichkeit als auch f\u00fcr unsere Kunden und Gesch\u00e4ftspartner einfach lesbar und verst\u00e4ndlich sein. Um dies zu gew\u00e4hrleisten, m\u00f6chten wir vorab die verwendeten Begrifflichkeiten erl\u00e4utern.<\/p>\n<p>Wir verwenden in dieser Datenschutzerkl\u00e4rung unter anderem die folgenden Begriffe:<\/p>\n<h3 class=\"wp-block-heading\">Personenbezogene Daten<\/h3>\n<p>Personenbezogene Daten sind alle Informationen, die sich auf eine identifizierte oder identifizierbare nat\u00fcrliche Person (im Folgenden \u201ebetroffene Person\u201c) beziehen. Als identifizierbar wird eine nat\u00fcrliche Person angesehen, die direkt oder indirekt, insbesondere mittels Zuordnung zu einer Kennung wie einem Namen, zu einer Kennnummer, zu Standortdaten, zu einer Online-Kennung oder zu einem oder mehreren besonderen Merkmalen, die Ausdruck der physischen, physiologischen, genetischen, psychischen, wirtschaftlichen, kulturellen oder sozialen Identit\u00e4t dieser nat\u00fcrlichen Person sind, identifiziert werden kann.<\/p>\n<h3 class=\"wp-block-heading\">Betroffene Person<\/h3>\n<p>Betroffene Person ist jede identifizierte oder identifizierbare nat\u00fcrliche Person, deren personenbezogene Daten von dem f\u00fcr die Verarbeitung Verantwortlichen verarbeitet werden.<\/p>\n<h3 class=\"wp-block-heading\">Verarbeitung<\/h3>\n<p>Verarbeitung ist jeder mit oder ohne Hilfe automatisierter Verfahren ausgef\u00fchrte Vorgang oder jede solche Vorgangsreihe im Zusammenhang mit personenbezogenen Daten wie das Erheben, das Erfassen, die Organisation, das Ordnen, die Speicherung, die Anpassung oder Ver\u00e4nderung, das Auslesen, das Abfragen, die Verwendung, die Offenlegung durch \u00dcbermittlung, Verbreitung oder eine andere Form der Bereitstellung, den Abgleich oder die Verkn\u00fcpfung, die Einschr\u00e4nkung, das L\u00f6schen oder die Vernichtung.<\/p>\n<h3 class=\"wp-block-heading\">Einschr\u00e4nkung der Verarbeitung<\/h3>\n<p>Einschr\u00e4nkung der Verarbeitung ist die Markierung gespeicherter personenbezogener Daten mit dem Ziel, ihre k\u00fcnftige Verarbeitung einzuschr\u00e4nken.<\/p>\n<h3 class=\"wp-block-heading\">Profiling<\/h3>\n<p>Profiling ist jede Art der automatisierten Verarbeitung personenbezogener Daten, die darin besteht, dass diese personenbezogenen Daten verwendet werden, um bestimmte pers\u00f6nliche Aspekte, die sich auf eine nat\u00fcrliche Person beziehen, zu bewerten, insbesondere, um Aspekte bez\u00fcglich Arbeitsleistung, wirtschaftlicher Lage, Gesundheit, pers\u00f6nlicher Vorlieben, Interessen, Zuverl\u00e4ssigkeit, Verhalten, Aufenthaltsort oder Ortswechsel dieser nat\u00fcrlichen Person zu analysieren oder vorherzusagen.<\/p>\n<h3 class=\"wp-block-heading\">Pseudonymisierung<\/h3>\n<p>Pseudonymisierung ist die Verarbeitung personenbezogener Daten in einer Weise, auf welche die personenbezogenen Daten ohne Hinzuziehung zus\u00e4tzlicher Informationen nicht mehr einer spezifischen betroffenen Person zugeordnet werden k\u00f6nnen, sofern diese zus\u00e4tzlichen Informationen gesondert aufbewahrt werden und technischen und organisatorischen Ma\u00dfnahmen unterliegen, die gew\u00e4hrleisten, dass die personenbezogenen Daten nicht einer identifizierten oder identifizierbaren nat\u00fcrlichen Person zugewiesen werden.<\/p>\n<h3 class=\"wp-block-heading\">Verantwortlicher oder f\u00fcr die Verarbeitung Verantwortlicher<\/h3>\n<p>Verantwortlicher oder f\u00fcr die Verarbeitung Verantwortlicher ist die nat\u00fcrliche oder juristische Person, Beh\u00f6rde, Einrichtung oder andere Stelle, die allein oder gemeinsam mit anderen \u00fcber die Zwecke und Mittel der Verarbeitung von personenbezogenen Daten entscheidet. Sind die Zwecke und Mittel dieser Verarbeitung durch das Unionsrecht oder das Recht der Mitgliedstaaten vorgegeben, so kann der Verantwortliche beziehungsweise k\u00f6nnen die bestimmten Kriterien seiner Benennung nach dem Unionsrecht oder dem Recht der Mitgliedstaaten vorgesehen werden.<\/p>\n<h3 class=\"wp-block-heading\">Auftragsverarbeiter<\/h3>\n<p>Auftragsverarbeiter ist eine nat\u00fcrliche oder juristische Person, Beh\u00f6rde, Einrichtung oder andere Stelle, die personenbezogene Daten im Auftrag des Verantwortlichen verarbeitet.<\/p>\n<h3 class=\"wp-block-heading\">Empf\u00e4nger<\/h3>\n<p>Empf\u00e4nger ist eine nat\u00fcrliche oder juristische Person, Beh\u00f6rde, Einrichtung oder andere Stelle, der personenbezogene Daten offengelegt werden, unabh\u00e4ngig davon, ob es sich bei ihr um einen Dritten handelt oder nicht. Beh\u00f6rden, die im Rahmen eines bestimmten Untersuchungsauftrags nach dem Unionsrecht oder dem Recht der Mitgliedstaaten m\u00f6glicherweise personenbezogene Daten erhalten, gelten jedoch nicht als Empf\u00e4nger.<\/p>\n<h3 class=\"wp-block-heading\">Dritter<\/h3>\n<p>Dritter ist eine nat\u00fcrliche oder juristische Person, Beh\u00f6rde, Einrichtung oder andere Stelle au\u00dfer der betroffenen Person, dem Verantwortlichen, dem Auftragsverarbeiter und den Personen, die unter der unmittelbaren Verantwortung des Verantwortlichen oder des Auftragsverarbeiters befugt sind, die personenbezogenen Daten zu verarbeiten.<\/p>\n<h3 class=\"wp-block-heading\">Einwilligung<\/h3>\n<p>Einwilligung ist jede von der betroffenen Person freiwillig f\u00fcr den bestimmten Fall in informierter Weise und unmissverst\u00e4ndlich abgegebene Willensbekundung in Form einer Erkl\u00e4rung oder einer sonstigen eindeutigen best\u00e4tigenden Handlung, mit der die betroffene Person zu verstehen gibt, dass sie mit der Verarbeitung der sie betreffenden personenbezogenen Daten einverstanden ist.<\/p>\n<h2 class=\"wp-block-heading\">Rechte der betroffenen Person<\/h2>\n<p>Sie haben als betroffene Person gegen\u00fcber dem in dieser Datenschutzerkl\u00e4rung genanntem Verantwortlichen unterschiedliche Rechte. Diese Rechte dienen der Transparenz der Verarbeitung der personenbezogenen Daten. Sie als betroffene Person sollten sich informieren k\u00f6nnen und sollten auch wissen, ob, wie, auf welche Art und Weise und weshalb wir Ihre personenbezogenen Daten verarbeiten.<\/p>\n<h3 class=\"wp-block-heading\">Recht auf Auskunft<\/h3>\n<p>Als betroffene Person haben Sie das Recht, von uns jederzeit Auskunft \u00fcber die zu Ihrer Person gespeicherten personenbezogenen Daten zu erhalten.<\/p>\n<h3 class=\"wp-block-heading\">Recht auf Berichtigung<\/h3>\n<p>Als betroffene Person haben Sie das Recht, von uns die unverz\u00fcgliche Berichtigung Ihrer betreffender unrichtiger personenbezogener Daten zu verlangen. Es ist wichtig, dass Ihre personenbezogenen Daten, die wir \u00fcber Sie haben, korrekt und aktuell sind. Wenn Sie einen Fehler bemerken, bitten wir Sie uns darauf hinzuweisen.<\/p>\n<h3 class=\"wp-block-heading\">Recht auf L\u00f6schung (Recht auf Vergessen werden)<\/h3>\n<p>Als Betroffener haben Sie das Recht, dass Ihre personenbezogenen Daten unverz\u00fcglich gel\u00f6scht werden, sofern kein Grund vorliegt, der einer L\u00f6schung entgegensteht. Zum Beispiel die gesetzliche Aufbewahrungsfrist.<\/p>\n<h3 class=\"wp-block-heading\">Recht auf Einschr\u00e4nkung der Verarbeitung<\/h3>\n<p>Als Betroffener haben Sie das Recht, von uns als verantwortlicher Stelle die Einschr\u00e4nkung der Verarbeitung zu verlangen, wenn kein zwingender Grund dagegenspricht.<\/p>\n<h3 class=\"wp-block-heading\">Recht auf Daten\u00fcbertragbarkeit (Datenportabilit\u00e4t)<\/h3>\n<p>Als Betroffener haben Sie das Recht, Ihre personenbezogenen Daten, welche Sie uns bereitgestellt haben, in einem strukturierten, g\u00e4ngigen und maschinenlesbaren Format zu erhalten. Sie haben au\u00dferdem das Recht, dass wir diese Daten einem anderen Verantwortlichen \u00fcbermitteln, sofern die Verarbeitung auf der Einwilligung gem\u00e4\u00df Art. 6 Abs. 1 Buchstabe a) DSGVO oder Art. 9 Abs. 2 Buchstabe a) DSGVO oder auf einem Vertrag gem\u00e4\u00df Art. 6 Abs. 1 Buchstabe b) DSGVO beruht und die Verarbeitung mithilfe automatisierter Verfahren erfolgt, sofern die Verarbeitung nicht f\u00fcr die Wahrnehmung einer Aufgabe erforderlich ist, die im \u00f6ffentlichen Interesse liegt oder in Aus\u00fcbung \u00f6ffentlicher Gewalt erfolgt, welche dem Verantwortlichen \u00fcbertragen wurde.<\/p>\n<h3 class=\"wp-block-heading\">Recht auf Widerspruch<\/h3>\n<p>Wenn die Verarbeitung auf einer Einwilligung beruht, haben Sie als betroffene Person das Recht, die Einwilligung jederzeit zu widerrufen. Das hat zur Folge, dass wir Ihre Daten \u2013 sofern nicht eine andere Rechtsgrundlage f\u00fcr eine rechtm\u00e4\u00dfige Verarbeitung vorliegt \u2013 nicht weiter verarbeiten d\u00fcrfen. Ein solcher Widerruf ber\u00fchrt die Rechtm\u00e4\u00dfigkeit der aufgrund der Einwilligung bis zum Widerruf erfolgten Verarbeitung nicht. Soweit wir Ihre personenbezogenen Daten verarbeiten, um Direktwerbung zu betreiben, haben Sie als betroffene Person das Recht, jederzeit Widerspruch gegen die Verarbeitung der personenbezogenen Daten zum Zwecke derartiger Werbung einzulegen, eine Interessenabw\u00e4gung erfolgt in diesem Fall nicht.<\/p>\n<h3 class=\"wp-block-heading\">Aus\u00fcbung der Betroffenenrechte<\/h3>\n<p>Als betroffene Person k\u00f6nnen Sie s\u00e4mtliche Rechte entweder als E-Mail oder per Brief sowie auch \u00fcber das Kontaktformular auf der Website aus\u00fcben.<\/p>\n<p>Um nicht die Rechte Dritter zu gef\u00e4hrden, m\u00fcssen wir sicherstellen, dass die Betroffenenrechte nur von der betroffenen Person geltend gemacht werden. Um dies gew\u00e4hrleisten zu k\u00f6nnen, m\u00fcssen Sie sich identifizieren und an der Identifikation mitwirken.<\/p>\n<p>Wenn Sie der Meinung sind, dass die Verarbeitung Ihrer personenbezogenen Daten nicht rechtm\u00e4\u00dfig erfolgt, w\u00fcrden wir uns freuen, wenn Sie zuerst den direkten Kontakt mit uns suchen. Unabh\u00e4ngig davon haben Sie das Recht auf Beschwerde bei der Datenschutzbeh\u00f6rde als zust\u00e4ndige Aufsichtsbeh\u00f6rde unter https:\/\/www.dsb.gv.at\/.<\/p>\n<h2 class=\"wp-block-heading\">Gesetzliche oder vertragliche Vorschriften zur Bereitstellung der personenbezogenen Daten<\/h2>\n<ul>\n<li>Erforderlichkeit f\u00fcr den Vertragsabschluss<\/li>\n<li>Verpflichtung der betroffenen Person, die personenbezogenen Daten bereitzustellen<\/li>\n<li>m\u00f6gliche Folgen der Nichtbereitstellung<\/li>\n<\/ul>\n<p>Wir kl\u00e4ren Sie dar\u00fcber auf, dass die Bereitstellung personenbezogener Daten zum Teil gesetzlich vorgeschrieben ist (z.B. Steuervorschriften) oder sich auch aus vertraglichen Regelungen (z.B. Angaben zum Vertragspartner) ergeben kann. Mitunter kann es zu einem Vertragsschluss erforderlich sein, dass eine betroffene Person uns personenbezogene Daten zur Verf\u00fcgung stellt, die in der Folge durch den Betreiber dieser Website verarbeitet werden m\u00fcssen. Die betroffene Person ist beispielsweise verpflichtet dem Betreiber dieser Website personenbezogene Daten bereitzustellen, wenn der Betreiber dieser Website mit ihr einen Vertrag abschlie\u00dft. Eine Nichtbereitstellung der personenbezogenen Daten h\u00e4tte zur Folge, dass der Vertrag mit dem Betroffenen nicht geschlossen werden k\u00f6nnte. Vor einer Bereitstellung personenbezogener Daten durch den Betroffenen muss sich der Betroffene and den Verantwortlichen bzw. ggf. an den Datenschutzbeauftragten des Betreibers dieser Website wenden. Der Verantwortliche oder ggf. der Datenschutzbeauftragte kl\u00e4rt den Betroffenen einzelfallbezogen dar\u00fcber auf, ob die Bereitstellung der personenbezogenen Daten gesetzlich oder vertraglich vorgeschrieben oder f\u00fcr den Vertragsabschluss erforderlich ist, ob eine Verpflichtung besteht, die personenbezogenen Daten bereitzustellen, und welche Folgen die Nichtbereitstellung der personenbezogenen Daten h\u00e4tte.<\/p>\n<h2 class=\"wp-block-heading\">Dauer, f\u00fcr die die personenbezogenen Daten gespeichert werden<\/h2>\n<p>Das Kriterium f\u00fcr die Dauer der Speicherung von personenbezogenen Daten ist die jeweilige gesetzliche Aufbewahrungsfrist. Nach Ablauf der Frist werden die entsprechenden Daten routinem\u00e4\u00dfig gel\u00f6scht, sofern sie nicht mehr zur Vertragserf\u00fcllung oder Vertragsanbahnung erforderlich sind.<\/p>\n<h2 class=\"wp-block-heading\">Name und Anschrift des f\u00fcr die Verarbeitung Verantwortlichen<\/h2>\n<p>Verantwortlicher im Sinne der Datenschutz-Grundverordnung, sonstiger in den Mitgliedstaaten der Europ\u00e4ischen Union geltenden Datenschutzgesetze und anderer Bestimmungen mit datenschutzrechtlichem Charakter ist:<\/p>\n<p><strong>Institut f\u00fcr \u00d6sterreichs Wirtschaft<\/strong><br \/>1040 Wien, Gu\u00dfhausstra\u00dfe 8\/Top 2b<\/p>\n<p>Email: office@ifoew.at<br \/>Tel: + 43 664 \/ 82 28 560<\/p>\n<h2 class=\"wp-block-heading\">Routinem\u00e4\u00dfige L\u00f6schung und Sperrung von personenbezogenen Daten<\/h2>\n<p>Der f\u00fcr die Verarbeitung Verantwortliche verarbeitet und speichert personenbezogene Daten der betroffenen Person nur f\u00fcr den Zeitraum, der zur Erreichung des Speicherungszwecks erforderlich ist oder sofern dies durch den Europ\u00e4ischen Richtlinien- und Verordnungsgeber oder einen anderen Gesetzgeber in Gesetzen oder Vorschriften, welchen der f\u00fcr die Verarbeitung Verantwortliche unterliegt, vorgesehen wurde.<\/p>\n<p>Entf\u00e4llt der Speicherungszweck oder l\u00e4uft eine vom Europ\u00e4ischen Richtlinien- und Verordnungsgeber oder einem anderen zust\u00e4ndigen Gesetzgeber vorgeschriebene Speicherfrist ab, werden die personenbezogenen Daten routinem\u00e4\u00dfig und entsprechend den gesetzlichen Vorschriften gesperrt oder gel\u00f6scht.<\/p>\n<h2 class=\"wp-block-heading\">Berechtigte Interessen an der Verarbeitung, die von dem Verantwortlichen oder einem Dritten verfolgt werden<\/h2>\n<p>Basiert die Verarbeitung personenbezogener Daten auf Artikel 6 I lit. f DSGVO ist besteht das berechtigte Interesse aus der Durchf\u00fchrung der Gesch\u00e4ftst\u00e4tigkeit zugunsten des Wohlergehens aller Mitarbeiter und ggf. unserer Anteilseigner des Betreibers dieser Website.<\/p>\n<h2 class=\"wp-block-heading\">Rechtsgrundlage der Verarbeitung<\/h2>\n<ul>\n<li>Einwilligung gem\u00e4\u00df Art 6 Abs 1 lit a DSGVO im Rahmen der Registrierung.<\/li>\n<li>Vorvertragliche Ma\u00dfnahmen, Vertragsannahme und -erf\u00fcllung gem\u00e4\u00df Art 6 Abs 1 lit b DSGVO, damit wir beispielsweise deine Anfrage oder Bestellung abwickeln k\u00f6nnen.<\/li>\n<li>Gesetzliche Verpflichtung gem\u00e4\u00df Art 6 Abs 1 lit c DSGVO zB zur Aufbewahrung von Bestellunterlagen oder Rechnungen (Gesch\u00e4ftskorrespondenz).<\/li>\n<li>Berechtigtes Interesse gem\u00e4\u00df Art 6 Abs 1 lit f DSGVO insbesondere f\u00fcr Marketing und Werbung.<\/li>\n<\/ul>\n<h2 class=\"wp-block-heading\">Datenschutz bei Bewerbungen und im Bewerbungsverfahren<\/h2>\n<p>Der f\u00fcr die Verarbeitung Verantwortliche erhebt und verarbeitet die personenbezogenen Daten von Bewerbern zum Zwecke der Abwicklung des Bewerbungsverfahrens. Die Verarbeitung kann auch auf elektronischem Wege erfolgen. Dies ist insbesondere dann der Fall, wenn ein Bewerber entsprechende Bewerbungsunterlagen auf dem elektronischen Wege, beispielsweise per E-Mail oder ggf. \u00fcber ein auf der Website befindliches Webformular, an den f\u00fcr die Verarbeitung Verantwortlichen \u00fcbermittelt.<\/p>\n<p>Schlie\u00dft der f\u00fcr die Verarbeitung Verantwortliche einen Anstellungsvertrag mit einem Bewerber, werden die \u00fcbermittelten Daten zum Zwecke der Abwicklung des Besch\u00e4ftigungsverh\u00e4ltnisses unter Beachtung der gesetzlichen Vorschriften gespeichert. Wird von dem f\u00fcr die Verarbeitung Verantwortlichen kein Anstellungsvertrag mit dem Bewerber geschlossen, so werden die Bewerbungsunterlagen nach Bekanntgabe der Absageentscheidung gel\u00f6scht, sofern einer L\u00f6schung keine sonstigen berechtigten Interessen des f\u00fcr die Verarbeitung Verantwortlichen entgegenstehen. Sonstiges berechtigtes Interesse in diesem Sinne ist beispielsweise eine Beweispflicht in einem Verfahren nach dem Allgemeinen Gleichbehandlungsgesetz (AGG).<\/p>\n<p>Die Bewerbungsunterlagen des Bewerbers vom Betreiber dieser Website werden nur nach Zustimmung des Bewerbers in Evidenz gehalten.<\/p>\n<h2 class=\"wp-block-heading\">Externe Links<\/h2>\n<p>Diese Website verwendet Links auf externe Seiten, die besonders gekennzeichnet sind und deren Inhalte sich nicht auf dem Server des Betreibers dieser Website befinden. Die externen Inhalte dieser Links wurden beim Setzen der Links gepr\u00fcft. Es kann jedoch nicht ausgeschlossen werden, dass die Inhalte von den jeweiligen Anbietern nachtr\u00e4glich ver\u00e4ndert wurden. Sollten Sie bemerken, dass die Inhalte der externen Anbieter gegen geltendes Recht versto\u00dfen, teilen Sie uns dies bitte mit.<\/p>\n<p>Diese Datenschutzerkl\u00e4rung gilt nur f\u00fcr Inhalte auf dieser Website.<\/p>\n<h2 class=\"wp-block-heading\">Kontakt- und Buchungsanfragen \u00fcber diese Website<\/h2>\n<p>Diese Website enth\u00e4lt aufgrund von gesetzlichen Vorschriften Angaben, die eine schnelle elektronische Kontaktaufnahme zu diesem Gesundheitszentrum sowie eine unmittelbare Kommunikation erm\u00f6glicht, was ebenfalls eine allgemeine Adresse der sogenannten elektronischen Post (E-Mail-Adresse) umfasst.<\/p>\n<p>Sofern eine betroffene Person per E-Mail oder \u00fcber ein Kontaktformular den Kontakt mit dem f\u00fcr die Verarbeitung Verantwortlichen aufnimmt, werden die von der betroffenen Person \u00fcbermittelten personenbezogenen Daten automatisch gespeichert. Solche auf freiwilliger Basis von einer betroffenen Person an den f\u00fcr die Verarbeitung Verantwortlichen \u00fcbermittelten personenbezogenen Daten werden f\u00fcr Zwecke der Bearbeitung oder der Kontaktaufnahme bzw. der Buchungsanfrage zur betroffenen Person gespeichert.<\/p>\n<p>Es erfolgt keine Weitergabe dieser personenbezogenen Daten an Dritte.<\/p>\n<h2 class=\"wp-block-heading\">Erfassung von allgemeinen Daten und Informationen und Server log files<\/h2>\n<p>Diese Website erfasst mit jedem Aufruf dieser Website durch eine betroffene Person oder ein automatisiertes System eine Reihe von allgemeinen Daten und Informationen.<\/p>\n<p>Diese allgemeinen Daten und Informationen werden in den Logfiles des Servers gespeichert.<\/p>\n<p>Erfasst werden k\u00f6nnen:<\/p>\n<ul>\n<li>die verwendeten Browsertypen und Versionen,<\/li>\n<li>das vom zugreifenden System verwendete Betriebssystem,<\/li>\n<li>die Website, von welcher ein zugreifendes System auf diese Website gelangt (sogenannte Referrer),<\/li>\n<li>die Unterseiten, welche \u00fcber ein zugreifendes System auf dieser Website angesteuert werden,<\/li>\n<li>das Datum und die Uhrzeit eines Zugriffs auf die Website,<\/li>\n<li>eine Internet-Protokoll-Adresse (IP-Adresse),<\/li>\n<li>der Internet-Service-Provider des zugreifenden Systems,<\/li>\n<li>sonstige \u00e4hnliche Daten und Informationen, die der Gefahrenabwehr im Falle von Angriffen auf unsere informationstechnologischen Systeme dienen.<\/li>\n<\/ul>\n<p>Bei der Nutzung dieser allgemeinen Daten und Informationen zieht der Betreiber dieser Website keine R\u00fcckschl\u00fcsse auf die betroffene Person. Diese Informationen werden vielmehr ben\u00f6tigt, um<\/p>\n<ol>\n<li>die Inhalte dieser Website korrekt auszuliefern,<\/li>\n<li>die Inhalte dieser Website sowie die Werbung f\u00fcr diese zu optimieren,<\/li>\n<li>die dauerhafte Funktionsf\u00e4higkeit unserer informationstechnologischen Systeme und der Technik dieser Website zu gew\u00e4hrleisten,<\/li>\n<li>um Strafverfolgungsbeh\u00f6rden im Falle eines Cyberangriffes die zur Strafverfolgung notwendigen Informationen bereitzustellen.<\/li>\n<\/ol>\n<p>Diese anonym erhobenen Daten und Informationen werden durch den Betreiber dieser Website daher einerseits statistisch und ferner mit dem Ziel ausgewertet, den Datenschutz und die Datensicherheit im Unternehmen zu erh\u00f6hen, um letztlich ein optimales Schutzniveau f\u00fcr die vom Betreiber dieser Website verarbeiteten personenbezogenen Daten sicherzustellen.<\/p>\n<p>Die anonymen Daten der Server-Logfiles werden getrennt von allen durch eine betroffene Person angegebenen personenbezogenen Daten gespeichert \u2013 eine Zusammenf\u00fchrung dieser Daten mit anderen Datenquellen wird nicht vorgenommen.<\/p>\n<h2 class=\"wp-block-heading\">Cookies<\/h2>\n<p>Diese Website verwendet Cookies. Das sind kleine Textdateien, die es m\u00f6glich machen, auf dem Endger\u00e4t des Nutzers spezifische, auf den Nutzer bezogene Informationen zu speichern, w\u00e4hrend er die Website nutzt.<\/p>\n<p>Man unterscheidet drei Kategorien von Cookies:<\/p>\n<ul>\n<li>unbedingt notwendige Cookies um grundlegende Funktionen der Website sicherzustellen<\/li>\n<li>funktionelle Cookies um die Leistung der Webseite sicherzustellen<\/li>\n<li>zielorientierte Cookies um das Benutzererlebnis zu verbessern.<\/li>\n<\/ul>\n<p>Zahlreiche Websites und Server verwenden Cookies. Viele Cookies enthalten eine sogenannte Cookie-ID. Eine Cookie-ID ist eine eindeutige Kennung des Cookies. Sie besteht aus einer Zeichenfolge, durch welche Websites und Server dem konkreten Internetbrowser zugeordnet werden k\u00f6nnen, in dem das Cookie gespeichert wurde. Dies erm\u00f6glicht es den besuchten Websites und Servern, den individuellen Browser der betroffenen Person von anderen Internetbrowsern, die andere Cookies enthalten, zu unterscheiden. Ein bestimmter Internetbrowser kann \u00fcber die eindeutige Cookie-ID wiedererkannt und identifiziert werden.<\/p>\n<p>Durch den Einsatz von Cookies kann der Betreiber der Website den Nutzern dieser Website nutzerfreundlichere Services bereitstellen, die ohne die Cookie-Setzung nicht m\u00f6glich w\u00e4ren.<\/p>\n<p>Mittels eines Cookies k\u00f6nnen die Informationen und Angebote auf Websites im Sinne des Benutzers optimiert werden. Cookies erm\u00f6glichen uns, wie bereits erw\u00e4hnt, die Benutzer der Website wiederzuerkennen. Zweck dieser Wiedererkennung ist es, den Nutzern die Verwendung der Website zu erleichtern. Der Benutzer einer Website, die Cookies verwendet, muss beispielsweise nicht bei jedem Besuch der Website erneut seine Zugangsdaten eingeben, weil dies von der Website und dem auf dem Computersystem des Benutzers abgelegten Cookie \u00fcbernommen wird. Ein weiteres Beispiel ist das Cookie eines Warenkorbes im Online-Shop. Der Online-Shop merkt sich die Artikel, die ein Kunde in den virtuellen Warenkorb gelegt hat, \u00fcber ein Cookie. Die betroffene Person kann die Setzung von Cookies durch einer Website jederzeit mittels einer entsprechenden Einstellung des genutzten Internetbrowsers verhindern und damit der Setzung von Cookies dauerhaft widersprechen. Ferner k\u00f6nnen bereits gesetzte Cookies jederzeit \u00fcber einen Internetbrowser oder andere Softwareprogramme gel\u00f6scht werden. Dies ist in allen g\u00e4ngigen Internetbrowsern m\u00f6glich.<\/p>\n<p>Links unter denen Sie detaillierte Informationen zur Deaktivierung von Cookies in g\u00e4ngigen Browsern finden:<\/p>\n<p>Mozilla Firefox https:\/\/support.mozilla.org\/de\/kb\/cookies-loeschen-daten-von-websites-entfernen<\/p>\n<p>Internet Explorer https:\/\/support.microsoft.com\/de-de\/help\/17442\/windows-internet-explorer-delete-manage-cookies<\/p>\n<p>Google Chrome https:\/\/support.google.com\/accounts\/answer\/61416?hl=de<\/p>\n<p>Safari https:\/\/support.apple.com\/kb\/PH17191?locale=de_AT&amp;viewlocale=de_DE<\/p>\n<p>Opera https:\/\/www.opera.com\/help\/tutorials\/security\/privacy\/<\/p>\n<p>Deaktiviert die betroffene Person die Setzung von Cookies in dem genutzten Internetbrowser, sind unter Umst\u00e4nden nicht alle Funktionen einer Website vollumf\u00e4nglich nutzbar.<\/p>\n<h2 class=\"wp-block-heading\">Datenschutzbestimmungen zu Einsatz und Verwendung von Google Fonts (Webfonts)<\/h2>\n<p>Diese Seite nutzt zur einheitlichen Darstellung von Schriftarten so genannte Web Fonts. Beim Aufruf einer Seite l\u00e4dt Ihr Browser die ben\u00f6tigten Web Fonts in ihren Browsercache, um Texte und Schriftarten korrekt anzuzeigen.<\/p>\n<p>Anbieter ist die Google Inc., 1600 Amphitheatre Parkway, Mountain View, CA 94043, USA.<\/p>\n<p>Zu diesem Zweck muss der von Ihnen verwendete Browser Verbindung zu den Servern von Google aufnehmen. Hierdurch erlangt Google Kenntnis dar\u00fcber, dass \u00fcber Ihre IP-Adresse unsere Website aufgerufen wurde. Die Nutzung von Google Web Fonts erfolgt im Interesse einer einheitlichen und ansprechenden Darstellung unserer Online-Angebote. Dies stellt ein berechtigtes Interesse im Sinne von Art. 6 Abs. 1 lit. f DSGVO dar.<\/p>\n<p>Wenn Ihr Browser Web Fonts nicht unterst\u00fctzt, wird eine Standardschrift von Ihrem Computer genutzt.<\/p>\n<p>Weitere Informationen zu Google Web Fonts finden Sie unter https:\/\/developers.google.com\/fonts\/faq und in der Datenschutzerkl\u00e4rung von Google: https:\/\/www.google.com\/policies\/privacy\/.<\/p>\n<h2 class=\"wp-block-heading\">\u00c4nderungen dieser Datenschutzerkl\u00e4rung<\/h2>\n<p>Soweit wir neue Services oder Dienstleistungen einf\u00fchren, Internet-Verfahren \u00e4ndern oder wenn sich die Internet- und EDV-Sicherheitstechnik weiterentwickelt, behalten wir uns das Recht vor, unsere \u201eDatenschutzbestimmungen\u201c zu aktualisieren. Die Datenschutzbestimmungen k\u00f6nnen in den oben genannten F\u00e4llen ohne Vorank\u00fcndigung ge\u00e4ndert oder erg\u00e4nzt werden.<\/p>\n<\/div>\n<p><!--more--><br \/>\n<!-- {\"type\":\"layout\",\"children\":[{\"type\":\"section\",\"props\":{\"image_position\":\"center-center\",\"style\":\"default\",\"title_breakpoint\":\"xl\",\"title_position\":\"top-left\",\"title_rotation\":\"left\",\"vertical_align\":\"middle\",\"width\":\"default\"},\"children\":[{\"type\":\"row\",\"children\":[{\"type\":\"column\",\"props\":{\"image_position\":\"center-center\",\"position_sticky_breakpoint\":\"m\"},\"children\":[{\"type\":\"headline\",\"props\":{\"content\":\"\n\n<h1 id=\\\"headline-4-54\\\" class=\\\"ct-headline h1\\\"><span id=\\\"span-5-54\\\" class=\\\"ct-span\\\">Datenschutz<\\\/span><\\\/h1>\",\"title_element\":\"h1\"}},{\"type\":\"text\",\"props\":{\"column_breakpoint\":\"m\",\"content\":\"\n\n<p>Jegliche Verarbeitung Ihrer personenbezogenen Daten erfolgt daher ausschlie\\u00dflich unter Beachtung der anwendbaren Datenschutzvorschriften, n\\u00e4mlich der EU-Datenschutz-Grundverordnung (\\u201eDSGVO\\u201c) und des \\u00f6sterreichischen Datenschutzgesetzes (\\u201eDSG\\u201c).<\\\/p>\\n\n\n<h2 class=\\\"wp-block-heading\\\">Begriffsbestimmungen<\\\/h2>\\n\n\n<p>Die Datenschutzerkl\\u00e4rung des Betreibers dieser Website beruht auf den Begrifflichkeiten, die durch den Europ\\u00e4ischen Richtlinien- und Verordnungsgeber beim Erlass der Datenschutz-Grundverordnung (DSGVO) verwendet wurden. Diese Datenschutzerkl\\u00e4rung soll sowohl f\\u00fcr die \\u00d6ffentlichkeit als auch f\\u00fcr unsere Kunden und Gesch\\u00e4ftspartner einfach lesbar und verst\\u00e4ndlich sein. Um dies zu gew\\u00e4hrleisten, m\\u00f6chten wir vorab die verwendeten Begrifflichkeiten erl\\u00e4utern.<\\\/p>\\n\n\n<p>Wir verwenden in dieser Datenschutzerkl\\u00e4rung unter anderem die folgenden Begriffe:<\\\/p>\\n\n\n<h3 class=\\\"wp-block-heading\\\">Personenbezogene Daten<\\\/h3>\\n\n\n<p>Personenbezogene Daten sind alle Informationen, die sich auf eine identifizierte oder identifizierbare nat\\u00fcrliche Person (im Folgenden \\u201ebetroffene Person\\u201c) beziehen. Als identifizierbar wird eine nat\\u00fcrliche Person angesehen, die direkt oder indirekt, insbesondere mittels Zuordnung zu einer Kennung wie einem Namen, zu einer Kennnummer, zu Standortdaten, zu einer Online-Kennung oder zu einem oder mehreren besonderen Merkmalen, die Ausdruck der physischen, physiologischen, genetischen, psychischen, wirtschaftlichen, kulturellen oder sozialen Identit\\u00e4t dieser nat\\u00fcrlichen Person sind, identifiziert werden kann.<\\\/p>\\n\n\n<h3 class=\\\"wp-block-heading\\\">Betroffene Person<\\\/h3>\\n\n\n<p>Betroffene Person ist jede identifizierte oder identifizierbare nat\\u00fcrliche Person, deren personenbezogene Daten von dem f\\u00fcr die Verarbeitung Verantwortlichen verarbeitet werden.<\\\/p>\\n\n\n<h3 class=\\\"wp-block-heading\\\">Verarbeitung<\\\/h3>\\n\n\n<p>Verarbeitung ist jeder mit oder ohne Hilfe automatisierter Verfahren ausgef\\u00fchrte Vorgang oder jede solche Vorgangsreihe im Zusammenhang mit personenbezogenen Daten wie das Erheben, das Erfassen, die Organisation, das Ordnen, die Speicherung, die Anpassung oder Ver\\u00e4nderung, das Auslesen, das Abfragen, die Verwendung, die Offenlegung durch \\u00dcbermittlung, Verbreitung oder eine andere Form der Bereitstellung, den Abgleich oder die Verkn\\u00fcpfung, die Einschr\\u00e4nkung, das L\\u00f6schen oder die Vernichtung.<\\\/p>\\n\n\n<h3 class=\\\"wp-block-heading\\\">Einschr\\u00e4nkung der Verarbeitung<\\\/h3>\\n\n\n<p>Einschr\\u00e4nkung der Verarbeitung ist die Markierung gespeicherter personenbezogener Daten mit dem Ziel, ihre k\\u00fcnftige Verarbeitung einzuschr\\u00e4nken.<\\\/p>\\n\n\n<h3 class=\\\"wp-block-heading\\\">Profiling<\\\/h3>\\n\n\n<p>Profiling ist jede Art der automatisierten Verarbeitung personenbezogener Daten, die darin besteht, dass diese personenbezogenen Daten verwendet werden, um bestimmte pers\\u00f6nliche Aspekte, die sich auf eine nat\\u00fcrliche Person beziehen, zu bewerten, insbesondere, um Aspekte bez\\u00fcglich Arbeitsleistung, wirtschaftlicher Lage, Gesundheit, pers\\u00f6nlicher Vorlieben, Interessen, Zuverl\\u00e4ssigkeit, Verhalten, Aufenthaltsort oder Ortswechsel dieser nat\\u00fcrlichen Person zu analysieren oder vorherzusagen.<\\\/p>\\n\n\n<h3 class=\\\"wp-block-heading\\\">Pseudonymisierung<\\\/h3>\\n\n\n<p>Pseudonymisierung ist die Verarbeitung personenbezogener Daten in einer Weise, auf welche die personenbezogenen Daten ohne Hinzuziehung zus\\u00e4tzlicher Informationen nicht mehr einer spezifischen betroffenen Person zugeordnet werden k\\u00f6nnen, sofern diese zus\\u00e4tzlichen Informationen gesondert aufbewahrt werden und technischen und organisatorischen Ma\\u00dfnahmen unterliegen, die gew\\u00e4hrleisten, dass die personenbezogenen Daten nicht einer identifizierten oder identifizierbaren nat\\u00fcrlichen Person zugewiesen werden.<\\\/p>\\n\n\n<h3 class=\\\"wp-block-heading\\\">Verantwortlicher oder f\\u00fcr die Verarbeitung Verantwortlicher<\\\/h3>\\n\n\n<p>Verantwortlicher oder f\\u00fcr die Verarbeitung Verantwortlicher ist die nat\\u00fcrliche oder juristische Person, Beh\\u00f6rde, Einrichtung oder andere Stelle, die allein oder gemeinsam mit anderen \\u00fcber die Zwecke und Mittel der Verarbeitung von personenbezogenen Daten entscheidet. Sind die Zwecke und Mittel dieser Verarbeitung durch das Unionsrecht oder das Recht der Mitgliedstaaten vorgegeben, so kann der Verantwortliche beziehungsweise k\\u00f6nnen die bestimmten Kriterien seiner Benennung nach dem Unionsrecht oder dem Recht der Mitgliedstaaten vorgesehen werden.<\\\/p>\\n\n\n<h3 class=\\\"wp-block-heading\\\">Auftragsverarbeiter<\\\/h3>\\n\n\n<p>Auftragsverarbeiter ist eine nat\\u00fcrliche oder juristische Person, Beh\\u00f6rde, Einrichtung oder andere Stelle, die personenbezogene Daten im Auftrag des Verantwortlichen verarbeitet.<\\\/p>\\n\n\n<h3 class=\\\"wp-block-heading\\\">Empf\\u00e4nger<\\\/h3>\\n\n\n<p>Empf\\u00e4nger ist eine nat\\u00fcrliche oder juristische Person, Beh\\u00f6rde, Einrichtung oder andere Stelle, der personenbezogene Daten offengelegt werden, unabh\\u00e4ngig davon, ob es sich bei ihr um einen Dritten handelt oder nicht. Beh\\u00f6rden, die im Rahmen eines bestimmten Untersuchungsauftrags nach dem Unionsrecht oder dem Recht der Mitgliedstaaten m\\u00f6glicherweise personenbezogene Daten erhalten, gelten jedoch nicht als Empf\\u00e4nger.<\\\/p>\\n\n\n<h3 class=\\\"wp-block-heading\\\">Dritter<\\\/h3>\\n\n\n<p>Dritter ist eine nat\\u00fcrliche oder juristische Person, Beh\\u00f6rde, Einrichtung oder andere Stelle au\\u00dfer der betroffenen Person, dem Verantwortlichen, dem Auftragsverarbeiter und den Personen, die unter der unmittelbaren Verantwortung des Verantwortlichen oder des Auftragsverarbeiters befugt sind, die personenbezogenen Daten zu verarbeiten.<\\\/p>\\n\n\n<h3 class=\\\"wp-block-heading\\\">Einwilligung<\\\/h3>\\n\n\n<p>Einwilligung ist jede von der betroffenen Person freiwillig f\\u00fcr den bestimmten Fall in informierter Weise und unmissverst\\u00e4ndlich abgegebene Willensbekundung in Form einer Erkl\\u00e4rung oder einer sonstigen eindeutigen best\\u00e4tigenden Handlung, mit der die betroffene Person zu verstehen gibt, dass sie mit der Verarbeitung der sie betreffenden personenbezogenen Daten einverstanden ist.<\\\/p>\\n\n\n<h2 class=\\\"wp-block-heading\\\">Rechte der betroffenen Person<\\\/h2>\\n\n\n<p>Sie haben als betroffene Person gegen\\u00fcber dem in dieser Datenschutzerkl\\u00e4rung genanntem Verantwortlichen unterschiedliche Rechte. Diese Rechte dienen der Transparenz der Verarbeitung der personenbezogenen Daten. Sie als betroffene Person sollten sich informieren k\\u00f6nnen und sollten auch wissen, ob, wie, auf welche Art und Weise und weshalb wir Ihre personenbezogenen Daten verarbeiten.<\\\/p>\\n\n\n<h3 class=\\\"wp-block-heading\\\">Recht auf Auskunft<\\\/h3>\\n\n\n<p>Als betroffene Person haben Sie das Recht, von uns jederzeit Auskunft \\u00fcber die zu Ihrer Person gespeicherten personenbezogenen Daten zu erhalten.<\\\/p>\\n\n\n<h3 class=\\\"wp-block-heading\\\">Recht auf Berichtigung<\\\/h3>\\n\n\n<p>Als betroffene Person haben Sie das Recht, von uns die unverz\\u00fcgliche Berichtigung Ihrer betreffender unrichtiger personenbezogener Daten zu verlangen. Es ist wichtig, dass Ihre personenbezogenen Daten, die wir \\u00fcber Sie haben, korrekt und aktuell sind. Wenn Sie einen Fehler bemerken, bitten wir Sie uns darauf hinzuweisen.<\\\/p>\\n\n\n<h3 class=\\\"wp-block-heading\\\">Recht auf L\\u00f6schung (Recht auf Vergessen werden)<\\\/h3>\\n\n\n<p>Als Betroffener haben Sie das Recht, dass Ihre personenbezogenen Daten unverz\\u00fcglich gel\\u00f6scht werden, sofern kein Grund vorliegt, der einer L\\u00f6schung entgegensteht. Zum Beispiel die gesetzliche Aufbewahrungsfrist.<\\\/p>\\n\n\n<h3 class=\\\"wp-block-heading\\\">Recht auf Einschr\\u00e4nkung der Verarbeitung<\\\/h3>\\n\n\n<p>Als Betroffener haben Sie das Recht, von uns als verantwortlicher Stelle die Einschr\\u00e4nkung der Verarbeitung zu verlangen, wenn kein zwingender Grund dagegenspricht.<\\\/p>\\n\n\n<h3 class=\\\"wp-block-heading\\\">Recht auf Daten\\u00fcbertragbarkeit (Datenportabilit\\u00e4t)<\\\/h3>\\n\n\n<p>Als Betroffener haben Sie das Recht, Ihre personenbezogenen Daten, welche Sie uns bereitgestellt haben, in einem strukturierten, g\\u00e4ngigen und maschinenlesbaren Format zu erhalten. Sie haben au\\u00dferdem das Recht, dass wir diese Daten einem anderen Verantwortlichen \\u00fcbermitteln, sofern die Verarbeitung auf der Einwilligung gem\\u00e4\\u00df Art. 6 Abs. 1 Buchstabe a) DSGVO oder Art. 9 Abs. 2 Buchstabe a) DSGVO oder auf einem Vertrag gem\\u00e4\\u00df Art. 6 Abs. 1 Buchstabe b) DSGVO beruht und die Verarbeitung mithilfe automatisierter Verfahren erfolgt, sofern die Verarbeitung nicht f\\u00fcr die Wahrnehmung einer Aufgabe erforderlich ist, die im \\u00f6ffentlichen Interesse liegt oder in Aus\\u00fcbung \\u00f6ffentlicher Gewalt erfolgt, welche dem Verantwortlichen \\u00fcbertragen wurde.<\\\/p>\\n\n\n<h3 class=\\\"wp-block-heading\\\">Recht auf Widerspruch<\\\/h3>\\n\n\n<p>Wenn die Verarbeitung auf einer Einwilligung beruht, haben Sie als betroffene Person das Recht, die Einwilligung jederzeit zu widerrufen. Das hat zur Folge, dass wir Ihre Daten \\u2013 sofern nicht eine andere Rechtsgrundlage f\\u00fcr eine rechtm\\u00e4\\u00dfige Verarbeitung vorliegt \\u2013 nicht weiter verarbeiten d\\u00fcrfen. Ein solcher Widerruf ber\\u00fchrt die Rechtm\\u00e4\\u00dfigkeit der aufgrund der Einwilligung bis zum Widerruf erfolgten Verarbeitung nicht. Soweit wir Ihre personenbezogenen Daten verarbeiten, um Direktwerbung zu betreiben, haben Sie als betroffene Person das Recht, jederzeit Widerspruch gegen die Verarbeitung der personenbezogenen Daten zum Zwecke derartiger Werbung einzulegen, eine Interessenabw\\u00e4gung erfolgt in diesem Fall nicht.<\\\/p>\\n\n\n<h3 class=\\\"wp-block-heading\\\">Aus\\u00fcbung der Betroffenenrechte<\\\/h3>\\n\n\n<p>Als betroffene Person k\\u00f6nnen Sie s\\u00e4mtliche Rechte entweder als E-Mail oder per Brief sowie auch \\u00fcber das Kontaktformular auf der Website aus\\u00fcben.<\\\/p>\\n\n\n<p>Um nicht die Rechte Dritter zu gef\\u00e4hrden, m\\u00fcssen wir sicherstellen, dass die Betroffenenrechte nur von der betroffenen Person geltend gemacht werden. Um dies gew\\u00e4hrleisten zu k\\u00f6nnen, m\\u00fcssen Sie sich identifizieren und an der Identifikation mitwirken.<\\\/p>\\n\n\n<p>Wenn Sie der Meinung sind, dass die Verarbeitung Ihrer personenbezogenen Daten nicht rechtm\\u00e4\\u00dfig erfolgt, w\\u00fcrden wir uns freuen, wenn Sie zuerst den direkten Kontakt mit uns suchen. Unabh\\u00e4ngig davon haben Sie das Recht auf Beschwerde bei der Datenschutzbeh\\u00f6rde als zust\\u00e4ndige Aufsichtsbeh\\u00f6rde unter https:\\\/\\\/www.dsb.gv.at\\\/.<\\\/p>\\n\n\n<h2 class=\\\"wp-block-heading\\\">Gesetzliche oder vertragliche Vorschriften zur Bereitstellung der personenbezogenen Daten<\\\/h2>\\n\n\n<ul>\\n\n\n<li>Erforderlichkeit f\\u00fcr den Vertragsabschluss<\\\/li>\\n\n\n<li>Verpflichtung der betroffenen Person, die personenbezogenen Daten bereitzustellen<\\\/li>\\n\n\n<li>m\\u00f6gliche Folgen der Nichtbereitstellung<\\\/li>\\n<\\\/ul>\\n\n\n<p>Wir kl\\u00e4ren Sie dar\\u00fcber auf, dass die Bereitstellung personenbezogener Daten zum Teil gesetzlich vorgeschrieben ist (z.B. Steuervorschriften) oder sich auch aus vertraglichen Regelungen (z.B. Angaben zum Vertragspartner) ergeben kann. Mitunter kann es zu einem Vertragsschluss erforderlich sein, dass eine betroffene Person uns personenbezogene Daten zur Verf\\u00fcgung stellt, die in der Folge durch den Betreiber dieser Website verarbeitet werden m\\u00fcssen. Die betroffene Person ist beispielsweise verpflichtet dem Betreiber dieser Website personenbezogene Daten bereitzustellen, wenn der Betreiber dieser Website mit ihr einen Vertrag abschlie\\u00dft. Eine Nichtbereitstellung der personenbezogenen Daten h\\u00e4tte zur Folge, dass der Vertrag mit dem Betroffenen nicht geschlossen werden k\\u00f6nnte. Vor einer Bereitstellung personenbezogener Daten durch den Betroffenen muss sich der Betroffene and den Verantwortlichen bzw. ggf. an den Datenschutzbeauftragten des Betreibers dieser Website wenden. Der Verantwortliche oder ggf. der Datenschutzbeauftragte kl\\u00e4rt den Betroffenen einzelfallbezogen dar\\u00fcber auf, ob die Bereitstellung der personenbezogenen Daten gesetzlich oder vertraglich vorgeschrieben oder f\\u00fcr den Vertragsabschluss erforderlich ist, ob eine Verpflichtung besteht, die personenbezogenen Daten bereitzustellen, und welche Folgen die Nichtbereitstellung der personenbezogenen Daten h\\u00e4tte.<\\\/p>\\n\n\n<h2 class=\\\"wp-block-heading\\\">Dauer, f\\u00fcr die die personenbezogenen Daten gespeichert werden<\\\/h2>\\n\n\n<p>Das Kriterium f\\u00fcr die Dauer der Speicherung von personenbezogenen Daten ist die jeweilige gesetzliche Aufbewahrungsfrist. Nach Ablauf der Frist werden die entsprechenden Daten routinem\\u00e4\\u00dfig gel\\u00f6scht, sofern sie nicht mehr zur Vertragserf\\u00fcllung oder Vertragsanbahnung erforderlich sind.<\\\/p>\\n\n\n<h2 class=\\\"wp-block-heading\\\">Name und Anschrift des f\\u00fcr die Verarbeitung Verantwortlichen<\\\/h2>\\n\n\n<p>Verantwortlicher im Sinne der Datenschutz-Grundverordnung, sonstiger in den Mitgliedstaaten der Europ\\u00e4ischen Union geltenden Datenschutzgesetze und anderer Bestimmungen mit datenschutzrechtlichem Charakter ist:<\\\/p>\\n\n\n<p><strong>Institut f\\u00fcr \\u00d6sterreichs Wirtschaft<\\\/strong><br \\\/>1040 Wien, Gu\\u00dfhausstra\\u00dfe 8\\\/Top 2b<\\\/p>\\n\n\n<p>Email: office@ifoew.at<br \\\/>Tel: + 43 664 \\\/ 82 28 560<\\\/p>\\n\n\n<h2 class=\\\"wp-block-heading\\\">Routinem\\u00e4\\u00dfige L\\u00f6schung und Sperrung von personenbezogenen Daten<\\\/h2>\\n\n\n<p>Der f\\u00fcr die Verarbeitung Verantwortliche verarbeitet und speichert personenbezogene Daten der betroffenen Person nur f\\u00fcr den Zeitraum, der zur Erreichung des Speicherungszwecks erforderlich ist oder sofern dies durch den Europ\\u00e4ischen Richtlinien- und Verordnungsgeber oder einen anderen Gesetzgeber in Gesetzen oder Vorschriften, welchen der f\\u00fcr die Verarbeitung Verantwortliche unterliegt, vorgesehen wurde.<\\\/p>\\n\n\n<p>Entf\\u00e4llt der Speicherungszweck oder l\\u00e4uft eine vom Europ\\u00e4ischen Richtlinien- und Verordnungsgeber oder einem anderen zust\\u00e4ndigen Gesetzgeber vorgeschriebene Speicherfrist ab, werden die personenbezogenen Daten routinem\\u00e4\\u00dfig und entsprechend den gesetzlichen Vorschriften gesperrt oder gel\\u00f6scht.<\\\/p>\\n\n\n<h2 class=\\\"wp-block-heading\\\">Berechtigte Interessen an der Verarbeitung, die von dem Verantwortlichen oder einem Dritten verfolgt werden<\\\/h2>\\n\n\n<p>Basiert die Verarbeitung personenbezogener Daten auf Artikel 6 I lit. f DSGVO ist besteht das berechtigte Interesse aus der Durchf\\u00fchrung der Gesch\\u00e4ftst\\u00e4tigkeit zugunsten des Wohlergehens aller Mitarbeiter und ggf. unserer Anteilseigner des Betreibers dieser Website.<\\\/p>\\n\n\n<h2 class=\\\"wp-block-heading\\\">Rechtsgrundlage der Verarbeitung<\\\/h2>\\n\n\n<ul>\\n\n\n<li>Einwilligung gem\\u00e4\\u00df Art 6 Abs 1 lit a DSGVO im Rahmen der Registrierung.<\\\/li>\\n\n\n<li>Vorvertragliche Ma\\u00dfnahmen, Vertragsannahme und -erf\\u00fcllung gem\\u00e4\\u00df Art 6 Abs 1 lit b DSGVO, damit wir beispielsweise deine Anfrage oder Bestellung abwickeln k\\u00f6nnen.<\\\/li>\\n\n\n<li>Gesetzliche Verpflichtung gem\\u00e4\\u00df Art 6 Abs 1 lit c DSGVO zB zur Aufbewahrung von Bestellunterlagen oder Rechnungen (Gesch\\u00e4ftskorrespondenz).<\\\/li>\\n\n\n<li>Berechtigtes Interesse gem\\u00e4\\u00df Art 6 Abs 1 lit f DSGVO insbesondere f\\u00fcr Marketing und Werbung.<\\\/li>\\n<\\\/ul>\\n\n\n<h2 class=\\\"wp-block-heading\\\">Datenschutz bei Bewerbungen und im Bewerbungsverfahren<\\\/h2>\\n\n\n<p>Der f\\u00fcr die Verarbeitung Verantwortliche erhebt und verarbeitet die personenbezogenen Daten von Bewerbern zum Zwecke der Abwicklung des Bewerbungsverfahrens. Die Verarbeitung kann auch auf elektronischem Wege erfolgen. Dies ist insbesondere dann der Fall, wenn ein Bewerber entsprechende Bewerbungsunterlagen auf dem elektronischen Wege, beispielsweise per E-Mail oder ggf. \\u00fcber ein auf der Website befindliches Webformular, an den f\\u00fcr die Verarbeitung Verantwortlichen \\u00fcbermittelt.<\\\/p>\\n\n\n<p>Schlie\\u00dft der f\\u00fcr die Verarbeitung Verantwortliche einen Anstellungsvertrag mit einem Bewerber, werden die \\u00fcbermittelten Daten zum Zwecke der Abwicklung des Besch\\u00e4ftigungsverh\\u00e4ltnisses unter Beachtung der gesetzlichen Vorschriften gespeichert. Wird von dem f\\u00fcr die Verarbeitung Verantwortlichen kein Anstellungsvertrag mit dem Bewerber geschlossen, so werden die Bewerbungsunterlagen nach Bekanntgabe der Absageentscheidung gel\\u00f6scht, sofern einer L\\u00f6schung keine sonstigen berechtigten Interessen des f\\u00fcr die Verarbeitung Verantwortlichen entgegenstehen. Sonstiges berechtigtes Interesse in diesem Sinne ist beispielsweise eine Beweispflicht in einem Verfahren nach dem Allgemeinen Gleichbehandlungsgesetz (AGG).<\\\/p>\\n\n\n<p>Die Bewerbungsunterlagen des Bewerbers vom Betreiber dieser Website werden nur nach Zustimmung des Bewerbers in Evidenz gehalten.<\\\/p>\\n\n\n<h2 class=\\\"wp-block-heading\\\">Externe Links<\\\/h2>\\n\n\n<p>Diese Website verwendet Links auf externe Seiten, die besonders gekennzeichnet sind und deren Inhalte sich nicht auf dem Server des Betreibers dieser Website befinden. Die externen Inhalte dieser Links wurden beim Setzen der Links gepr\\u00fcft. Es kann jedoch nicht ausgeschlossen werden, dass die Inhalte von den jeweiligen Anbietern nachtr\\u00e4glich ver\\u00e4ndert wurden. Sollten Sie bemerken, dass die Inhalte der externen Anbieter gegen geltendes Recht versto\\u00dfen, teilen Sie uns dies bitte mit.<\\\/p>\\n\n\n<p>Diese Datenschutzerkl\\u00e4rung gilt nur f\\u00fcr Inhalte auf dieser Website.<\\\/p>\\n\n\n<h2 class=\\\"wp-block-heading\\\">Kontakt- und Buchungsanfragen \\u00fcber diese Website<\\\/h2>\\n\n\n<p>Diese Website enth\\u00e4lt aufgrund von gesetzlichen Vorschriften Angaben, die eine schnelle elektronische Kontaktaufnahme zu diesem Gesundheitszentrum sowie eine unmittelbare Kommunikation erm\\u00f6glicht, was ebenfalls eine allgemeine Adresse der sogenannten elektronischen Post (E-Mail-Adresse) umfasst.<\\\/p>\\n\n\n<p>Sofern eine betroffene Person per E-Mail oder \\u00fcber ein Kontaktformular den Kontakt mit dem f\\u00fcr die Verarbeitung Verantwortlichen aufnimmt, werden die von der betroffenen Person \\u00fcbermittelten personenbezogenen Daten automatisch gespeichert. Solche auf freiwilliger Basis von einer betroffenen Person an den f\\u00fcr die Verarbeitung Verantwortlichen \\u00fcbermittelten personenbezogenen Daten werden f\\u00fcr Zwecke der Bearbeitung oder der Kontaktaufnahme bzw. der Buchungsanfrage zur betroffenen Person gespeichert.<\\\/p>\\n\n\n<p>Es erfolgt keine Weitergabe dieser personenbezogenen Daten an Dritte.<\\\/p>\\n\n\n<h2 class=\\\"wp-block-heading\\\">Erfassung von allgemeinen Daten und Informationen und Server log files<\\\/h2>\\n\n\n<p>Diese Website erfasst mit jedem Aufruf dieser Website durch eine betroffene Person oder ein automatisiertes System eine Reihe von allgemeinen Daten und Informationen.<\\\/p>\\n\n\n<p>Diese allgemeinen Daten und Informationen werden in den Logfiles des Servers gespeichert.<\\\/p>\\n\n\n<p>Erfasst werden k\\u00f6nnen:<\\\/p>\\n\n\n<ul>\\n\n\n<li>die verwendeten Browsertypen und Versionen,<\\\/li>\\n\n\n<li>das vom zugreifenden System verwendete Betriebssystem,<\\\/li>\\n\n\n<li>die Website, von welcher ein zugreifendes System auf diese Website gelangt (sogenannte Referrer),<\\\/li>\\n\n\n<li>die Unterseiten, welche \\u00fcber ein zugreifendes System auf dieser Website angesteuert werden,<\\\/li>\\n\n\n<li>das Datum und die Uhrzeit eines Zugriffs auf die Website,<\\\/li>\\n\n\n<li>eine Internet-Protokoll-Adresse (IP-Adresse),<\\\/li>\\n\n\n<li>der Internet-Service-Provider des zugreifenden Systems,<\\\/li>\\n\n\n<li>sonstige \\u00e4hnliche Daten und Informationen, die der Gefahrenabwehr im Falle von Angriffen auf unsere informationstechnologischen Systeme dienen.<\\\/li>\\n<\\\/ul>\\n\n\n<p>Bei der Nutzung dieser allgemeinen Daten und Informationen zieht der Betreiber dieser Website keine R\\u00fcckschl\\u00fcsse auf die betroffene Person. Diese Informationen werden vielmehr ben\\u00f6tigt, um<\\\/p>\\n\n\n<ol>\\n\n\n<li>die Inhalte dieser Website korrekt auszuliefern,<\\\/li>\\n\n\n<li>die Inhalte dieser Website sowie die Werbung f\\u00fcr diese zu optimieren,<\\\/li>\\n\n\n<li>die dauerhafte Funktionsf\\u00e4higkeit unserer informationstechnologischen Systeme und der Technik dieser Website zu gew\\u00e4hrleisten,<\\\/li>\\n\n\n<li>um Strafverfolgungsbeh\\u00f6rden im Falle eines Cyberangriffes die zur Strafverfolgung notwendigen Informationen bereitzustellen.<\\\/li>\\n<\\\/ol>\\n\n\n<p>Diese anonym erhobenen Daten und Informationen werden durch den Betreiber dieser Website daher einerseits statistisch und ferner mit dem Ziel ausgewertet, den Datenschutz und die Datensicherheit im Unternehmen zu erh\\u00f6hen, um letztlich ein optimales Schutzniveau f\\u00fcr die vom Betreiber dieser Website verarbeiteten personenbezogenen Daten sicherzustellen.<\\\/p>\\n\n\n<p>Die anonymen Daten der Server-Logfiles werden getrennt von allen durch eine betroffene Person angegebenen personenbezogenen Daten gespeichert \\u2013 eine Zusammenf\\u00fchrung dieser Daten mit anderen Datenquellen wird nicht vorgenommen.<\\\/p>\\n\n\n<h2 class=\\\"wp-block-heading\\\">Cookies<\\\/h2>\\n\n\n<p>Diese Website verwendet Cookies. Das sind kleine Textdateien, die es m\\u00f6glich machen, auf dem Endger\\u00e4t des Nutzers spezifische, auf den Nutzer bezogene Informationen zu speichern, w\\u00e4hrend er die Website nutzt.<\\\/p>\\n\n\n<p>Man unterscheidet drei Kategorien von Cookies:<\\\/p>\\n\n\n<ul>\\n\n\n<li>unbedingt notwendige Cookies um grundlegende Funktionen der Website sicherzustellen<\\\/li>\\n\n\n<li>funktionelle Cookies um die Leistung der Webseite sicherzustellen<\\\/li>\\n\n\n<li>zielorientierte Cookies um das Benutzererlebnis zu verbessern.<\\\/li>\\n<\\\/ul>\\n\n\n<p>Zahlreiche Websites und Server verwenden Cookies. Viele Cookies enthalten eine sogenannte Cookie-ID. Eine Cookie-ID ist eine eindeutige Kennung des Cookies. Sie besteht aus einer Zeichenfolge, durch welche Websites und Server dem konkreten Internetbrowser zugeordnet werden k\\u00f6nnen, in dem das Cookie gespeichert wurde. Dies erm\\u00f6glicht es den besuchten Websites und Servern, den individuellen Browser der betroffenen Person von anderen Internetbrowsern, die andere Cookies enthalten, zu unterscheiden. Ein bestimmter Internetbrowser kann \\u00fcber die eindeutige Cookie-ID wiedererkannt und identifiziert werden.<\\\/p>\\n\n\n<p>Durch den Einsatz von Cookies kann der Betreiber der Website den Nutzern dieser Website nutzerfreundlichere Services bereitstellen, die ohne die Cookie-Setzung nicht m\\u00f6glich w\\u00e4ren.<\\\/p>\\n\n\n<p>Mittels eines Cookies k\\u00f6nnen die Informationen und Angebote auf Websites im Sinne des Benutzers optimiert werden. Cookies erm\\u00f6glichen uns, wie bereits erw\\u00e4hnt, die Benutzer der Website wiederzuerkennen. Zweck dieser Wiedererkennung ist es, den Nutzern die Verwendung der Website zu erleichtern. Der Benutzer einer Website, die Cookies verwendet, muss beispielsweise nicht bei jedem Besuch der Website erneut seine Zugangsdaten eingeben, weil dies von der Website und dem auf dem Computersystem des Benutzers abgelegten Cookie \\u00fcbernommen wird. Ein weiteres Beispiel ist das Cookie eines Warenkorbes im Online-Shop. Der Online-Shop merkt sich die Artikel, die ein Kunde in den virtuellen Warenkorb gelegt hat, \\u00fcber ein Cookie. Die betroffene Person kann die Setzung von Cookies durch einer Website jederzeit mittels einer entsprechenden Einstellung des genutzten Internetbrowsers verhindern und damit der Setzung von Cookies dauerhaft widersprechen. Ferner k\\u00f6nnen bereits gesetzte Cookies jederzeit \\u00fcber einen Internetbrowser oder andere Softwareprogramme gel\\u00f6scht werden. Dies ist in allen g\\u00e4ngigen Internetbrowsern m\\u00f6glich.<\\\/p>\\n\n\n<p>Links unter denen Sie detaillierte Informationen zur Deaktivierung von Cookies in g\\u00e4ngigen Browsern finden:<\\\/p>\\n\n\n<p>Mozilla Firefox https:\\\/\\\/support.mozilla.org\\\/de\\\/kb\\\/cookies-loeschen-daten-von-websites-entfernen<\\\/p>\\n\n\n<p>Internet Explorer https:\\\/\\\/support.microsoft.com\\\/de-de\\\/help\\\/17442\\\/windows-internet-explorer-delete-manage-cookies<\\\/p>\\n\n\n<p>Google Chrome https:\\\/\\\/support.google.com\\\/accounts\\\/answer\\\/61416?hl=de<\\\/p>\\n\n\n<p>Safari https:\\\/\\\/support.apple.com\\\/kb\\\/PH17191?locale=de_AT&amp;viewlocale=de_DE<\\\/p>\\n\n\n<p>Opera https:\\\/\\\/www.opera.com\\\/help\\\/tutorials\\\/security\\\/privacy\\\/<\\\/p>\\n\n\n<p>Deaktiviert die betroffene Person die Setzung von Cookies in dem genutzten Internetbrowser, sind unter Umst\\u00e4nden nicht alle Funktionen einer Website vollumf\\u00e4nglich nutzbar.<\\\/p>\\n\n\n<h2 class=\\\"wp-block-heading\\\">Datenschutzbestimmungen zu Einsatz und Verwendung von Google Fonts (Webfonts)<\\\/h2>\\n\n\n<p>Diese Seite nutzt zur einheitlichen Darstellung von Schriftarten so genannte Web Fonts. Beim Aufruf einer Seite l\\u00e4dt Ihr Browser die ben\\u00f6tigten Web Fonts in ihren Browsercache, um Texte und Schriftarten korrekt anzuzeigen.<\\\/p>\\n\n\n<p>Anbieter ist die Google Inc., 1600 Amphitheatre Parkway, Mountain View, CA 94043, USA.<\\\/p>\\n\n\n<p>Zu diesem Zweck muss der von Ihnen verwendete Browser Verbindung zu den Servern von Google aufnehmen. Hierdurch erlangt Google Kenntnis dar\\u00fcber, dass \\u00fcber Ihre IP-Adresse unsere Website aufgerufen wurde. Die Nutzung von Google Web Fonts erfolgt im Interesse einer einheitlichen und ansprechenden Darstellung unserer Online-Angebote. Dies stellt ein berechtigtes Interesse im Sinne von Art. 6 Abs. 1 lit. f DSGVO dar.<\\\/p>\\n\n\n<p>Wenn Ihr Browser Web Fonts nicht unterst\\u00fctzt, wird eine Standardschrift von Ihrem Computer genutzt.<\\\/p>\\n\n\n<p>Weitere Informationen zu Google Web Fonts finden Sie unter https:\\\/\\\/developers.google.com\\\/fonts\\\/faq und in der Datenschutzerkl\\u00e4rung von Google: https:\\\/\\\/www.google.com\\\/policies\\\/privacy\\\/.<\\\/p>\\n\n\n<h2 class=\\\"wp-block-heading\\\">\\u00c4nderungen dieser Datenschutzerkl\\u00e4rung<\\\/h2>\\n\n\n<p>Soweit wir neue Services oder Dienstleistungen einf\\u00fchren, Internet-Verfahren \\u00e4ndern oder wenn sich die Internet- und EDV-Sicherheitstechnik weiterentwickelt, behalten wir uns das Recht vor, unsere \\u201eDatenschutzbestimmungen\\u201c zu aktualisieren. Die Datenschutzbestimmungen k\\u00f6nnen in den oben genannten F\\u00e4llen ohne Vorank\\u00fcndigung ge\\u00e4ndert oder erg\\u00e4nzt werden.<\\\/p>\",\"margin\":\"default\"}}]}]}]}],\"version\":\"4.0.8\"} --><\/p>\n","protected":false},"excerpt":{"rendered":"<p>Datenschutz Jegliche Verarbeitung Ihrer personenbezogenen Daten erfolgt daher ausschlie\u00dflich unter Beachtung der anwendbaren Datenschutzvorschriften, n\u00e4mlich der EU-Datenschutz-Grundverordnung (\u201eDSGVO\u201c) und des \u00f6sterreichischen Datenschutzgesetzes (\u201eDSG\u201c). Begriffsbestimmungen Die Datenschutzerkl\u00e4rung des Betreibers dieser Website beruht auf den Begrifflichkeiten, die durch den Europ\u00e4ischen Richtlinien- und Verordnungsgeber beim Erlass der Datenschutz-Grundverordnung (DSGVO) verwendet wurden. Diese Datenschutzerkl\u00e4rung soll sowohl f\u00fcr die \u00d6ffentlichkeit [&hellip;]<\/p>\n","protected":false},"author":1,"featured_media":0,"parent":0,"menu_order":0,"comment_status":"closed","ping_status":"closed","template":"","meta":{"_acf_changed":false,"footnotes":""},"class_list":["post-1421","page","type-page","status-publish","hentry"],"acf":[],"_links":{"self":[{"href":"https:\/\/www.ifoew.at\/index.php?rest_route=\/wp\/v2\/pages\/1421","targetHints":{"allow":["GET"]}}],"collection":[{"href":"https:\/\/www.ifoew.at\/index.php?rest_route=\/wp\/v2\/pages"}],"about":[{"href":"https:\/\/www.ifoew.at\/index.php?rest_route=\/wp\/v2\/types\/page"}],"author":[{"embeddable":true,"href":"https:\/\/www.ifoew.at\/index.php?rest_route=\/wp\/v2\/users\/1"}],"replies":[{"embeddable":true,"href":"https:\/\/www.ifoew.at\/index.php?rest_route=%2Fwp%2Fv2%2Fcomments&post=1421"}],"version-history":[{"count":4,"href":"https:\/\/www.ifoew.at\/index.php?rest_route=\/wp\/v2\/pages\/1421\/revisions"}],"predecessor-version":[{"id":1483,"href":"https:\/\/www.ifoew.at\/index.php?rest_route=\/wp\/v2\/pages\/1421\/revisions\/1483"}],"wp:attachment":[{"href":"https:\/\/www.ifoew.at\/index.php?rest_route=%2Fwp%2Fv2%2Fmedia&parent=1421"}],"curies":[{"name":"wp","href":"https:\/\/api.w.org\/{rel}","templated":true}]}}