{"id":24,"date":"2019-09-02T07:23:47","date_gmt":"2019-09-02T07:23:47","guid":{"rendered":"http:\/\/www.ifoew.at\/?p=24"},"modified":"2023-09-13T14:50:30","modified_gmt":"2023-09-13T14:50:30","slug":"peter-watson","status":"publish","type":"page","link":"https:\/\/www.ifoew.at\/?page_id=24","title":{"rendered":"Mag. Peter Voithofer"},"content":{"rendered":"<h1>Mag. Peter Voithofer<\/h1>\n<div>\n<p>Mitglied des Vorstandes<\/p>\n<\/div>\n<p><img decoding=\"async\" src=\"\/wp-content\/uploads\/2023\/08\/TEAM_PV-1.jpg\" alt=\"\"><\/p>\n<p>\n    <a href=\"tel:+436648228560\">+43 664 82 28 560<\/a>\n<\/p>\n<p>\n    <a href=\"mailto:p.voithofer@ifoew.at\">p.voithofer@ifoew.at<\/a>\n<\/p>\n<ul>\n<li><a href=\"https:\/\/www.linkedin.com\/in\/peter-voithofer-618a9016b\/\">linkedin<\/a>\n<\/li>\n<\/ul>\n<h1>\n<h5><strong>Wirtschaftsforscher<\/strong><\/h5>\n<\/h1>\n<div>\n<p>Seit mehr als 25 Jahren bin ich im Bereich der angewandten Wirtschaftsforschung mit den Schwerpunkten Branchen- und Strukturanalysen sowie Entrepreneurship t\u00e4tig. Im Rahmen meiner beruflichen T\u00e4tigkeiten war ich f\u00fcr mehrere Institute in leitenden Funktionen t\u00e4tig.<\/p>\n<p>Zus\u00e4tzlich zur \u00fcberbetrieblichen T\u00e4tigkeit bin ich auch als Unternehmensberater, Trainer sowie gerichtlich beeideter Sachverst\u00e4ndiger t\u00e4tig. Auch dadurch wird die praktische Anwend- und Umsetzbarkeit der Forschungsergebnisse sichergestellt.<\/p>\n<\/div>\n<h2>\n<h5><strong>Langj\u00e4hrige profunde Erfahrungen<\/strong><\/h5>\n<\/h2>\n<ul>\n<li>\n<h3>Gesch\u00e4ftsf\u00fchrung (unterschiedliche Branchen)<\/h3>\n<\/li>\n<li>\n<h3>Unternehmensberatung<\/h3>\n<\/li>\n<li>\n<h3>Vortragst\u00e4tigkeit, Trainer und Seminarleiter<\/h3>\n<\/li>\n<li>\n<h3>gerichtlich zertifizierter Sachverst\u00e4ndiger<\/h3>\n<\/li>\n<\/ul>\n<p><!--more--><br \/>\n<!-- {\"type\":\"layout\",\"children\":[{\"name\":\"Vita\",\"type\":\"section\",\"props\":{\"animation_delay\":false,\"image_position\":\"center-center\",\"padding\":\"large\",\"style\":\"default\",\"title_breakpoint\":\"xl\",\"title_position\":\"top-left\",\"title_rotation\":\"left\",\"vertical_align\":\"middle\",\"width\":\"default\"},\"children\":[{\"type\":\"row\",\"children\":[{\"type\":\"column\",\"props\":{\"image_position\":\"center-center\",\"position_sticky_breakpoint\":\"m\",\"width_medium\":\"1-1\"},\"children\":[{\"type\":\"headline\",\"props\":{\"content\":\"Mag. Peter Voithofer\",\"margin\":\"small\",\"title_decoration\":\"bullet\",\"title_element\":\"h1\",\"title_style\":\"h2\"}},{\"type\":\"text\",\"props\":{\"column_breakpoint\":\"m\",\"content\":\"\n\n<p>Mitglied des Vorstandes<\\\/p>\",\"margin\":\"remove-vertical\"}}]}]},{\"type\":\"row\",\"props\":{\"column_gap\":\"large\",\"layout\":\"1-3,2-3\",\"row_gap\":\"large\"},\"children\":[{\"type\":\"column\",\"props\":{\"image_position\":\"center-center\",\"position_sticky_breakpoint\":\"m\",\"width_small\":\"1-3\"},\"children\":[{\"type\":\"image\",\"props\":{\"image\":\"wp-content\\\/uploads\\\/2023\\\/08\\\/TEAM_PV-1.jpg\",\"image_loading\":true,\"image_svg_color\":\"emphasis\",\"image_width\":\"600\",\"margin\":\"default\"}},{\"type\":\"button\",\"props\":{\"grid_column_gap\":\"small\",\"grid_row_gap\":\"small\",\"margin\":\"remove-vertical\"},\"children\":[{\"type\":\"button_item\",\"props\":{\"button_style\":\"link-text\",\"content\":\"+43 664 82 28 560\",\"icon_align\":\"left\",\"link\":\"tel:+436648228560\"}}]},{\"type\":\"button\",\"props\":{\"grid_column_gap\":\"small\",\"grid_row_gap\":\"small\",\"margin\":\"remove-vertical\"},\"children\":[{\"type\":\"button_item\",\"props\":{\"button_style\":\"\",\"content\":\"p.voithofer@ifoew.at\",\"icon_align\":\"left\",\"link\":\"mailto:p.voithofer@ifoew.at\"}}]},{\"type\":\"social\",\"props\":{\"grid\":\"horizontal\",\"grid_gap\":\"small\",\"image_svg_inline\":true,\"link_style\":\"link\",\"margin\":\"default\"},\"children\":[{\"type\":\"social_item\",\"props\":{\"link\":\"https:\\\/\\\/www.linkedin.com\\\/in\\\/peter-voithofer-618a9016b\\\/\"}}]}]},{\"type\":\"column\",\"props\":{\"image_position\":\"center-center\",\"position_sticky_breakpoint\":\"m\",\"width_small\":\"2-3\"},\"children\":[{\"type\":\"headline\",\"props\":{\"content\":\"\n\n<h5><strong>Wirtschaftsforscher<\\\/strong><\\\/h5>\",\"title_element\":\"h1\"}},{\"type\":\"text\",\"props\":{\"column_breakpoint\":\"m\",\"content\":\"\n\n<p>Seit mehr als 25 Jahren bin ich im Bereich der angewandten Wirtschaftsforschung mit den Schwerpunkten Branchen- und Strukturanalysen sowie Entrepreneurship t\\u00e4tig. Im Rahmen meiner beruflichen T\\u00e4tigkeiten war ich f\\u00fcr mehrere Institute in leitenden Funktionen t\\u00e4tig.<\\\/p>\\n\n\n<p>Zus\\u00e4tzlich zur \\u00fcberbetrieblichen T\\u00e4tigkeit bin ich auch als Unternehmensberater, Trainer sowie gerichtlich beeideter Sachverst\\u00e4ndiger t\\u00e4tig. Auch dadurch wird die praktische Anwend- und Umsetzbarkeit der Forschungsergebnisse sichergestellt.<\\\/p>\",\"margin\":\"default\"}},{\"type\":\"headline\",\"props\":{\"content\":\"\n\n<h5><strong>Langj\\u00e4hrige profunde Erfahrungen<\\\/strong><\\\/h5>\",\"margin\":\"large\",\"margin_remove_bottom\":true,\"title_element\":\"h2\",\"title_style\":\"h3\"}},{\"type\":\"description_list\",\"props\":{\"column_breakpoint\":\"m\",\"layout\":\"grid-2\",\"list_element\":\"ul\",\"list_marker\":\"circle\",\"list_marker_color\":\"secondary\",\"list_size\":\"large\",\"meta_align\":\"below-content\",\"meta_style\":\"text-meta\",\"show_content\":true,\"show_link\":true,\"show_meta\":true,\"show_title\":true,\"title_element\":\"div\",\"title_grid_column_gap\":\"small\",\"title_grid_row_gap\":\"small\",\"title_grid_width\":\"auto\"},\"children\":[{\"type\":\"description_list_item\",\"props\":{\"title\":\"Gesch\\u00e4ftsf\\u00fchrung (unterschiedliche Branchen)\"}},{\"type\":\"description_list_item\",\"props\":{\"title\":\"Unternehmensberatung\"}},{\"type\":\"description_list_item\",\"props\":{\"title\":\"Vortragst\\u00e4tigkeit, Trainer und Seminarleiter\"}},{\"type\":\"description_list_item\",\"props\":{\"title\":\"gerichtlich zertifizierter Sachverst\\u00e4ndiger\"}}]}]}]}]}],\"version\":\"4.0.8\"} --><\/p>\n","protected":false},"excerpt":{"rendered":"<p>Mag. Peter Voithofer Mitglied des Vorstandes +43 664 82 28 560 p.voithofer@ifoew.at linkedin Wirtschaftsforscher Seit mehr als 25 Jahren bin ich im Bereich der angewandten Wirtschaftsforschung mit den Schwerpunkten Branchen- und Strukturanalysen sowie Entrepreneurship t\u00e4tig. Im Rahmen meiner beruflichen T\u00e4tigkeiten war ich f\u00fcr mehrere Institute in leitenden Funktionen t\u00e4tig. Zus\u00e4tzlich zur \u00fcberbetrieblichen T\u00e4tigkeit bin ich [&hellip;]<\/p>\n","protected":false},"author":1,"featured_media":0,"parent":0,"menu_order":2,"comment_status":"open","ping_status":"open","template":"","meta":{"_acf_changed":false,"footnotes":""},"class_list":["post-24","page","type-page","status-publish","hentry"],"acf":[],"_links":{"self":[{"href":"https:\/\/www.ifoew.at\/index.php?rest_route=\/wp\/v2\/pages\/24","targetHints":{"allow":["GET"]}}],"collection":[{"href":"https:\/\/www.ifoew.at\/index.php?rest_route=\/wp\/v2\/pages"}],"about":[{"href":"https:\/\/www.ifoew.at\/index.php?rest_route=\/wp\/v2\/types\/page"}],"author":[{"embeddable":true,"href":"https:\/\/www.ifoew.at\/index.php?rest_route=\/wp\/v2\/users\/1"}],"replies":[{"embeddable":true,"href":"https:\/\/www.ifoew.at\/index.php?rest_route=%2Fwp%2Fv2%2Fcomments&post=24"}],"version-history":[{"count":38,"href":"https:\/\/www.ifoew.at\/index.php?rest_route=\/wp\/v2\/pages\/24\/revisions"}],"predecessor-version":[{"id":1589,"href":"https:\/\/www.ifoew.at\/index.php?rest_route=\/wp\/v2\/pages\/24\/revisions\/1589"}],"wp:attachment":[{"href":"https:\/\/www.ifoew.at\/index.php?rest_route=%2Fwp%2Fv2%2Fmedia&parent=24"}],"curies":[{"name":"wp","href":"https:\/\/api.w.org\/{rel}","templated":true}]}}